{"version":"1.0","provider_name":"A jog t\u00f6bb arca","provider_url":"https:\/\/duplex.cafeblog.hu","author_name":"LadyEdna","author_url":"https:\/\/duplex.cafeblog.hu\/author\/LadyEdna-2-2-2\/","title":"\u00c9szak-\u00cdrorsz\u00e1g - Els\u0151 r\u00e9sz","html":"<em><strong>T\u00f6rt\u00e9nete<\/strong><\/em>\r\n\r\nB\u00e1r az \u00e9szak\u00edrek hivatalosan nem tartoznak olyan r\u00e9g\u00f3ta az angol korona fennhat\u00f3s\u00e1ga al\u00e1, mint a walesiek, az elnyom\u00e1s m\u00e9rt\u00e9k\u00e9t az id\u0151 nem befoly\u00e1solta, ugyanis legal\u00e1bb ugyanolyan m\u00e9rt\u00e9k\u0171 presszi\u00f3nak voltak al\u00e1vetve. Ennek al\u00e1t\u00e1maszt\u00e1s\u00e1ra \u00e1lljon itt egy kis t\u00f6rt\u00e9nelmi \u00f6sszefoglal\u00f3, a teljess\u00e9g ig\u00e9nye n\u00e9lk\u00fcl.\r\nA jelent\u0151s v\u00e1ltoz\u00e1st \u00c9szak-\u00cdrorsz\u00e1g t\u00f6rt\u00e9net\u00e9ben VIII. Henrik l\u00e9p\u00e9sei jelentett\u00e9k, ami ut\u00e1n az elnyom\u00e1s fokozatosan n\u0151tt, eg\u00e9szen 1801-ig, amikor is az angolok feloszlatt\u00e1k az \u00edr parlamentet, \u00e9s l\u00e9trehozt\u00e1k Nagy-Britannia \u00e9s \u00cdrorsz\u00e1g Egyes\u00fclt Kir\u00e1lys\u00e1g\u00e1t.\r\nA XIX. sz\u00e1zad k\u00f6zep\u00e9n zajlott le az \u00edr t\u00f6rt\u00e9nelem egyik legmegr\u00e1z\u00f3bb trag\u00e9di\u00e1ja, az 1845-\u00f6s Nagy \u00c9h\u00edns\u00e9g. Az \u00e9h\u00edns\u00e9g t\u00fal\u00e9l\u0151i a nyomor \u00e9s az elnyom\u00e1s miatt kiv\u00e1ndoroltak, t\u00f6bbnyire Amerik\u00e1ba, \u00edgy \u00cdrorsz\u00e1g lakoss\u00e1ga csaknem a fel\u00e9re cs\u00f6kkent.\r\n1905-ben megalakult a brit uralom ellen szeg\u00fcl\u0151 p\u00e1rt, a Sinn F\u00e9in.\r\n1914-ben Anglia v\u00e9gre j\u00f3v\u00e1hagyta volna a Home Rule-t (Hazai t\u00f6rv\u00e9ny), amely \u00f6nkorm\u00e1nyzatot adott volna az \u00edreknek, a megval\u00f3sul\u00e1st azonban megakad\u00e1lyozta az els\u0151 vil\u00e1gh\u00e1bor\u00fa kit\u00f6r\u00e9se.\r\n1916. h\u00fasv\u00e9th\u00e9tf\u0151j\u00e9n a dublini f\u0151posta l\u00e9pcs\u0151j\u00e9r\u0151l ki\u00e1ltott\u00e1k ki a F\u00fcggetlen \u00cdr K\u00f6zt\u00e1rsas\u00e1got.\r\n1917-ben v\u00e1laszt\u00e1sokat tartottak \u00cdrorsz\u00e1gban, amelyen a Sinn F\u00e9in nyert. A p\u00e1rt k\u00e9pvisel\u0151i megtagadt\u00e1k, hogy a londoni parlamentben foglalj\u00e1k el hely\u00fcket, megalak\u00edtott\u00e1k az \u00edr parlamentet, \u00e9s a hozz\u00e1 tartoz\u00f3 \u00cdr K\u00f6zt\u00e1rsas\u00e1gi Hadsereget (IRA)\r\nAz angolok h\u00edrhedt katonai rend\u0151rs\u00e9ge megpr\u00f3b\u00e1lta az \u00edr f\u00fcggetlens\u00e9gi mozgalmat visszaszor\u00edtani, amely eredm\u00e9nyek\u00e9ppen a k\u00e9t f\u00e9l k\u00f6z\u00f6tt 1921-ben fegyversz\u00fcnet k\u00f6ttetett, Angol-\u00cdr Egyezm\u00e9ny n\u00e9v alatt. Ennek eredm\u00e9nyek\u00e9ppen 1921 j\u00fanius 7. \u00e9s 1972. m\u00e1rcius 30 k\u00f6z\u00f6tt az \u00cdr Parlament gyakorolta a hatalmat..\r\n1922-ben megalakult az \u00cdr Szabad \u00c1llam. Az \u00edr sziget 32 megy\u00e9j\u00e9b\u0151l a britek 26-nak biztos\u00edtottak k\u00fcl\u00f6nleges st\u00e1tuszt, a marad\u00e9k 6 a birodalom r\u00e9sze maradt. 1937-ben az \u00cdr Szabad \u00c1llam felvette az \u00c9ire, azaz \u00cdrorsz\u00e1g nevet. 1949-ben \u00cdrorsz\u00e1g kil\u00e9pett a Nemzetk\u00f6z\u00f6ss\u00e9gb\u0151l, \u00e9s kiki\u00e1ltotta f\u00fcggetlens\u00e9g\u00e9t, mik\u00f6zben a hat \u00e9szaki megye tov\u00e1bbra is az Egyes\u00fclt Kir\u00e1lys\u00e1ghoz tartozott.\r\n<p style=\"text-align: center\"><a href=\"https:\/\/duplex.cafeblog.hu\/files\/2013\/07\/northern-ireland-six-counties-5-x-3-flag-3147-p.jpg\"><img class=\"aligncenter  wp-image-26\" alt=\"northern-ireland-six-counties-5-x-3-flag-3147-p\" src=\"https:\/\/duplex.cafeblog.hu\/files\/2013\/07\/northern-ireland-six-counties-5-x-3-flag-3147-p.jpg\" width=\"529\" height=\"314\" \/><\/a><\/p>\r\n<em><strong>Speci\u00e1lis helyzet<\/strong><\/em>\r\n\r\nE r\u00f6vid t\u00f6rt\u00e9neti \u00e1ttekint\u00e9st az\u00e9rt tartottam sz\u00fcks\u00e9gesnek, hogy vil\u00e1gosan l\u00e1tsz\u00f3dj\u00e9k \u00c9szak-\u00cdrorsz\u00e1g speci\u00e1lis helyzete.\r\nEzt a helyzetet pontosan az az 1922-es esem\u00e9ny id\u00e9zte el\u0151, hogy 26 megye megkapta az \u00f6n\u00e1ll\u00f3s\u00e1got, hat pedig mintegy az angol korona \u201efoglya\u201d maradt. Ehhez a hat megy\u00e9hez tartozik egy\u00e9bk\u00e9nt Ulster is, amelyet a \u201elegkelt\u00e1bb\u201d ter\u00fcletnek tartanak, \u00e9s amely \u2013 t\u00f6bbek k\u00f6z\u00f6tt \u2013 a zavarg\u00e1sok ok\u00e1nak is tekinthet\u0151.\r\nKakukktoj\u00e1snak sz\u00e1m\u00edt \u00c9szak-\u00cdrorsz\u00e1g z\u00e1rt, saj\u00e1tos p\u00e1rtrendszere miatt, mely a legut\u00f3bbi \u00e9vtizedekre szinte teljesen elvesztette a nagy, orsz\u00e1gos p\u00e1rtokkal val\u00f3 kapcsolat\u00e1t, p\u00e1rhuzamait (kor\u00e1bban p\u00e9ld\u00e1ul \u2013 1921 \u00e9s 1972 k\u00f6z\u00f6tt \u2013 az Ulster Unionista P\u00e1rt szoros kapcsolatban \u00e1llt a konzervat\u00edv p\u00e1rttal).\r\nEgyed\u00fcl a liber\u00e1lis demokrat\u00e1k tudt\u00e1k megtartani befoly\u00e1sukat, viszont \u00e9szak-\u00edr p\u00e1rtjuk nem t\u00fal er\u0151s. \u00c9ppen ez\u00e9rt az \u00e9szak\u00edr devol\u00faci\u00f3nak nincs k\u00f6zvetlen hat\u00e1sa a brit p\u00e1rt-er\u0151viszonyok alakul\u00e1s\u00e1ra.\r\n\r\n<em><strong>Kezdetek<\/strong><\/em>\r\n\r\nA kezdeteket az 1998-as Belfasti (Nagyp\u00e9nteki \u2013 Good Friday) Egyezm\u00e9ny jelenti, amely n\u00e9gy nagy jelent\u0151s szervezeti v\u00e1ltoz\u00e1st foglal mag\u00e1ba. Ezek:\r\n1)\u00a0\u00a0\u00a0\u00a0\u00a0 a dublini korm\u00e1nyzat szerepet j\u00e1tszhat majd a tartom\u00e1ny politik\u00e1j\u00e1nak kialak\u00edt\u00e1s\u00e1ban\r\n2)\u00a0\u00a0\u00a0\u00a0\u00a0 \u00c9szak-\u00cdrorsz\u00e1gban csak az emberek t\u00f6bbs\u00e9g\u00e9nek hozz\u00e1j\u00e1rul\u00e1s\u00e1val lehet v\u00e1ltoztat\u00e1st elind\u00edtani\r\n3)\u00a0\u00a0\u00a0\u00a0\u00a0 m\u00f3dos\u00edtott\u00e1k az alkotm\u00e1ny 2. \u00e9s 3. paragrafus\u00e1t, amely az eg\u00e9sz feletti hatalmi ig\u00e9nyt tartalmazza.\r\nA Nagyp\u00e9nteki Egyezm\u00e9ny az IRA-val 1998-ban k\u00f6t\u00f6tt fegyversz\u00fcnetet k\u00f6vet\u0151en a k\u00e9t k\u00f6z\u00f6ss\u00e9g (protest\u00e1ns angol-sk\u00f3t, valamint katolikus angol) hatalommegoszt\u00e1s\u00e1n alapul\u00f3 \u00f6nkorm\u00e1nyz\u00e1s alapjait fektette le, melynek \u00e9rtelm\u00e9ben (elvben) megsz\u0171nt a kor\u00e1bbi hatalomgyakorl\u00e1s ar\u00e1nytalans\u00e1ga.\r\nAz egyezm\u00e9ny al\u00e1\u00edr\u00e1sa ut\u00e1n az emberek t\u00e1mogat\u00e1sukr\u00f3l biztos\u00edtott\u00e1k a politikai vezet\u0151ket, \u00edgy d\u00e9len 94 %, \u00e9szakon pedig 71 %-os t\u00f6bbs\u00e9g szavazott a toleranci\u00e1ra, a m\u00falt lez\u00e1r\u00e1s\u00e1ra.\r\nUgyanebben az \u00e9vben sz\u00fcletett meg a walesihez hasonl\u00f3 \u00e9szak\u00edr t\u00f6rv\u00e9ny is, amely megk\u00fcl\u00f6nb\u00f6ztet:\r\na)\u00a0\u00a0\u00a0\u00a0\u00a0 garant\u00e1lt t\u00f6rv\u00e9nyhoz\u00e1s t\u00e1rgyakat, amelyeket a nemzetgy\u0171l\u00e9s nem m\u00f3dos\u00edthat\r\nb)\u00a0\u00a0\u00a0\u00a0\u00a0 kiz\u00e1r\u00f3lagos t\u00e1rgyakat, amelyek k\u00edv\u00fcl esnek a nemzetgy\u0171l\u00e9s hat\u00e1sk\u00f6r\u00e9n\r\nc)\u00a0\u00a0\u00a0\u00a0\u00a0 el\u0151foglalt t\u00e1rgyakat, amelyek kiz\u00e1r\u00f3lag a nemzetgy\u0171l\u00e9s hat\u00e1sk\u00f6r\u00e9be tartozik, de csak az \u00e9szak\u00edr miniszter j\u00f3v\u00e1hagy\u00e1s\u00e1val emelkednek joger\u0151re\r\nd)\u00a0\u00a0\u00a0\u00a0 \u00e1truh\u00e1zott t\u00e1rgyakat, amelyek kiz\u00e1r\u00f3lag a nemzetgy\u0171l\u00e9s hat\u00e1sk\u00f6r\u00e9be tartoznak.\r\nAz unionista oldal megnyugodhatott, az egyezm\u00e9ny szavatolta identit\u00e1sukat. Cser\u00e9be beleegyeztek abba, hogy a kisebbs\u00e9gben l\u00e9v\u0151 m\u00e1sik f\u00e9l szerepet kapjon a tartom\u00e1ny korm\u00e1nyz\u00e1s\u00e1ban egy k\u00fcl\u00f6nlegesen fel\u00e9p\u00edtett rendszer keret\u00e9ben.\r\nA b\u00e9kefolyamat siker\u00e9t nagyban el\u0151mozd\u00edtotta az \u00cdrorsz\u00e1gban lezajlott szekulariz\u00e1ci\u00f3, amely erod\u00e1lta a katolikus egyh\u00e1z hatalm\u00e1t, \u00e9s seg\u00edtette az \u00edr azonoss\u00e1gtudat \u00fajragondol\u00e1s\u00e1t, ez\u00fattal vall\u00e1si jelleg n\u00e9lk\u00fcl.\r\n\r\n<em><strong>A nemzetgy\u0171l\u00e9s probl\u00e9m\u00e1i<\/strong><\/em>\r\n\r\nAz 1998-as Nagyp\u00e9nteki Egyezm\u00e9ny \u00e9rtelm\u00e9ben (\u00fajra) megindult a devol\u00faci\u00f3 folyamata \u00c9szak-\u00cdrorsz\u00e1gban. Az jonnan megalakult nemzetgy\u0171l\u00e9st 1998. j\u00fanius 25-\u00e9n v\u00e1lasztott\u00e1k meg, \u00e9s 1998. j\u00falius 1-j\u00e9n \u00fclt \u00f6ssze el\u0151sz\u00f6r, 1999. december 2-ig azonban \u201e\u00e1rny\u00e9k\u201d nemzetgy\u0171l\u00e9sk\u00e9nt funkcion\u00e1lt, akkor kapta meg ugyanis a t\u00e9nyleges hat\u00e1sk\u00f6r\u00e9t. A nemzetgy\u0171l\u00e9s ekkor 108 tag\u00fa, \u00e9s hasonl\u00f3 jogalkot\u00e1si \u00e9s vezet\u00e9si jogokkal rendelkezik, mint a sk\u00f3t parlament.\r\nA Nemzetgy\u0171l\u00e9s j\u00f6v\u0151j\u00e9t nehez\u00edti, hogy m\u0171k\u00f6d\u00e9se elt\u00e9r a szok\u00e1sos gyakorlatt\u00f3l. A v\u00e1laszt\u00e1si rendszer bonyolults\u00e1ga \u00e9s a bizotts\u00e1gi helyek eloszt\u00e1sa k\u00f6vetkezt\u00e9ben valamennyi \u00e9szak\u00edr p\u00e1rt r\u00e9szese a d\u00f6nt\u00e9shozatali folyamatnak a konszenzusk\u00e9nyszer alapj\u00e1n.\r\n2002 okt\u00f3ber\u00e9ben felf\u00fcggesztett\u00e9k a nemzetgy\u0171l\u00e9s m\u0171k\u00f6d\u00e9s\u00e9t egy k\u00e9mbotr\u00e1ny miatt: rend\u0151rs\u00e9gi forr\u00e1sok szerint k\u00f6zt\u00e1rsas\u00e1gp\u00e1rti k\u00e9mh\u00e1l\u00f3zat alakult ki az akkori \u00e1llamtitk\u00e1r, John Reid hivatala k\u00f6r\u00fcl, a hatalommegoszt\u00e1s t\u00f6nkret\u00e9tel\u00e9re.\r\n\u00c1lland\u00f3 probl\u00e9ma volt tov\u00e1bb\u00e1 a kezdetekben, hogy a Demokratikus Unionista P\u00e1rt, az Ulsteri Unionista P\u00e1rt \u00e9s a Sinn F\u00e9in nem volt hajland\u00f3 eleget tenni a Nagyp\u00e9nteki Egyezm\u00e9nyben foglaltaknak. A legf\u0151bb probl\u00e9m\u00e1t az jelentette, hogy az el\u0151bbi k\u00e9t p\u00e1rt addig nem volt hajland\u00f3 egy\u00fcttm\u0171k\u00f6dni a Sinn F\u00e9innel, m\u00edg az nem biztos\u00edtja, hogy az IRA felhagy a terrorcselekm\u00e9nyeivel.\r\nA legutols\u00f3 nagy volumen\u0171 ellent\u00e9t a nagy p\u00e1rtok k\u00f6z\u00f6tt 2003-ban volt, amikor a Sinn F\u00e9in tagjait a rend\u0151rs\u00e9g \u00e1tvizsg\u00e1lta, amely miatt 2003. november\u00e9ben v\u00e1laszt\u00e1sokat sem tartottak. A rend\u0151rs\u00e9gi k\u00e9nyszerint\u00e9zked\u00e9seknek k\u00f6sz\u00f6nhet\u0151en t\u00f6bb embert \u0151rizetbe vettek, azonban 2005-ig nem t\u00f6rt\u00e9nt semmi l\u00e9nyeges, amikor is az egyik fogoly, Denis Donaldson elismerte, hogy a \u201980-as \u00e9vek \u00f3ta az angoloknak k\u00e9mkedik. Nem volt szerencs\u00e9s eme kijelent\u00e9se, ugyanis az IRA 2006. \u00e1prilis 4-\u00e9n kiv\u00e9gezte.\r\nAz \u00faj nemzetgy\u0171l\u00e9st ugyan 2003-ban fel\u00e1ll\u00edtott\u00e1k, de sohasem m\u0171k\u00f6d\u00f6tt, mivel korm\u00e1ny m\u00e1r nem alakult hozz\u00e1.\r\n2006. m\u00e1jus 15-\u00e9n \u00fajra \u00f6sszeh\u00edvt\u00e1k a nemzetgy\u0171l\u00e9st, hogy megpr\u00f3b\u00e1lj\u00e1k \u00fajra l\u00e9tre hozni az \u00e1truh\u00e1zott korm\u00e1nyzatot. A 108 k\u00e9pvisel\u0151b\u0151l t\u00f6bben is hajland\u00f3s\u00e1got mutattak a megegyez\u00e9sre, melynek hat\u00e1ridej\u00e9t Tony Blair \u00e9s Bertie Ahern 2006. november 24-\u00e9ben hat\u00e1rozta meg.\r\nA Sinn F\u00e9in, mely a m\u00e1sodik legnagyobb p\u00e1rt \u00c9szak-\u00cdrorsz\u00e1gban, a legnagyobb t\u00e1mogat\u00f3ja volt a megegyez\u00e9snek, beleegyezett, hogy t\u00e1mogatja a Demokrata Unionista P\u00e1rt eln\u00f6k\u00e9t minisztereln\u00f6knek.\r\nAz akkori felt\u00e9telek szerint, ha a feleknek nem siker\u00fclt volna megegyezni\u00fck, akkor Westminster v\u00e9gleg feloszlatta volna a nemzetgy\u0171l\u00e9st, \u00e9s \u00c9szak-\u00cdrorsz\u00e1got \u00fajra protektor\u00e1tus ir\u00e1ny\u00edt\u00e1s al\u00e1 helyezte volna.\r\nA nemzetgy\u0171l\u00e9s f\u00fcgg\u0151 helyzet\u00e9t v\u00e9g\u00fcl 2007-ben sz\u00fcntett\u00e9k meg, amikor is m\u00e1jus 8-\u00e1n visszaadt\u00e1k az \u00e9szak\u00edr parlament \u00f6nrendelkez\u00e9si jog\u00e1t, h\u00e1la annak, hogy az IRA a megfelel\u0151 magatart\u00e1s tan\u00fas\u00edtotta.\r\n\r\n<a href=\"https:\/\/duplex.cafeblog.hu\/files\/2013\/07\/images.jpg\"><img class=\"aligncenter size-full wp-image-27\" alt=\"images\" src=\"https:\/\/duplex.cafeblog.hu\/files\/2013\/07\/images.jpg\" width=\"259\" height=\"195\" \/><\/a>","type":"rich"}