{"version":"1.0","provider_name":"A jog t\u00f6bb arca","provider_url":"https:\/\/duplex.cafeblog.hu","author_name":"LadyEdna","author_url":"https:\/\/duplex.cafeblog.hu\/author\/LadyEdna-2-2-2\/","title":"K\u00e9t vagy t\u00f6bb arc?","html":"<p style=\"text-align: justify\">Ha jogot tanul az ember, akkor legal\u00e1bb egymilli\u00f3szor belefut Janusba, \u00e9s az \u0151 h\u00edres-nevezetes k\u00e9t arc\u00e1ba. \u00c9n sem voltam ezzel m\u00e1sk\u00e9pp,, \u00e9s egy darabig val\u00f3ban el is hittem, hogy ez a k\u00e9tarc\u00fas\u00e1g mindig, minden esetben meg\u00e1llja a hely\u00e9t. Azt\u00e1n ahogy az id\u0151 telt, r\u00e1 kellett j\u00f6nn\u00f6m, hogy bizony a jognak sokkal t\u00f6bb arca van. Persze a kett\u0151ss\u00e9g megvan, csak mind a k\u00e9t arcnak ezer meg ezer m\u00e1sik arca van. Nem szeretn\u00e9k itt belemenni komoly jogfiloz\u00f3fiai k\u00e9rd\u00e9sekbe, mert egyr\u00e9szt nem az \u00e9n tisztem, m\u00e1sr\u00e9szt azt hiszem Visegr\u00e1dy professzorn\u00e1l \u00fagysem lehetek jobb, de egy aspektus tekintet\u00e9ben mindenk\u00e9ppen helyt\u00e1ll\u00f3ak a megfigyel\u00e9seim.<\/p>\r\n<p style=\"text-align: justify\">M\u00e9gpedig abban a k\u00e9rd\u00e9sben, hogy mit\u0151l j\u00f3 jog\u00e1sz egy jog\u00e1sz. Err\u0151l nyilv\u00e1n igen sarkos elk\u00e9pzel\u00e9seim voltak m\u00e9g az egyetem alatt, \u00e9s meg voltam r\u00f3la gy\u0151z\u0151dve, hogy eny\u00e9m az egyetlen szent igazs\u00e1g. Azt\u00e1n eltelt az \u00f6t \u00e9v, \u00e9s az elk\u00e9pzel\u00e9seimet \u00fagy, ahogy volt, dobhattam ki a kuk\u00e1ba. Mert hogy munk\u00e1im sor\u00e1n annyif\u00e9le emberrel dolgoztam egy\u00fctt, hogy nyilv\u00e1nval\u00f3v\u00e1 v\u00e1lt sz\u00e1momra: nincsenek k\u0151be v\u00e9sett szab\u00e1lyok. Ennek ellen\u00e9re megk\u00eds\u00e9reltem a lehetetlent, \u00e9s m\u00e9giscsak megtal\u00e1lni azokat az alap, mondhatni pill\u00e9r szer\u0171 dolgokat, amelyek minden k\u00fcl\u00f6nb\u00f6z\u0151s\u00e9g ellen\u00e9re m\u00e9giscsak ott kell legyenek egy j\u00f3 jog\u00e1szban.(Term\u00e9szetesen ennek a blognak a keretei k\u00f6z\u00f6tt szakmai k\u00e9rd\u00e9seket is meg \u00f3hajtok osztani, vitatni, \u00edgy ezt a bejegyz\u00e9st k\u00e9rem mindenki tekintse r\u00e1hangol\u00f3d\u00e1snak.)<\/p>\r\n<p style=\"text-align: justify\">Az al\u00e1bbiakban ki is fejtem, hogy mi\u00e9rt gondolom azt, amit gondolok. Term\u00e9szetesen ez a lista minden k\u00f6r\u00fclm\u00e9nyek k\u00f6z\u00f6tt vita t\u00e1rgy\u00e1t k\u00e9pezheti, hiszen k\u00f6nnyen meglehet, hogy elsiklottam valami felett, vagy pedig t\u00fal komolyan vettem egy m\u00e1sik dolgot. Kezdj\u00fck is.<\/p>\r\n<p style=\"text-align: justify\"><strong><span style=\"text-decoration: underline\">1) Elhivatotts\u00e1g<\/span><\/strong><\/p>\r\n<p style=\"text-align: justify\">Term\u00e9szetesen ez az els\u0151 \u00e9s legfontosabb, hiszen en\u00e9lk\u00fcl minden lesz az emberb\u0151l, csak j\u00f3 jog\u00e1sz nem, a karrier \u00fat pedig kimer\u00fcl egy irodai asztal \u00e9let\u00fcnk v\u00e9g\u00e9ig val\u00f3 birtokl\u00e1s\u00e1ban.<\/p>\r\n<p style=\"text-align: justify\">Tapasztalatb\u00f3l tudom, hogy sokan \u00fagy mennek a jogi egyetemre, hogy egy\u00e1ltal\u00e1n nem \u00e9rdekli \u0151ket az eg\u00e9sz, csup\u00e1n a sz\u00fcl\u0151i nyom\u00e1snak akarnak eleget tenni. Ezen emberek t\u00f6bbs\u00e9ge egy\u00e9bk\u00e9nt a legritk\u00e1bb esetben fejezi be az egyetemet t\u00edz \u00e9ven bel\u00fcl. Akadnak olyanok is, akik egyetem k\u00f6zben r\u00e1eszm\u00e9lnek, hogy m\u00e9giscsak nekik val\u00f3 ez a szakma, de vannak olyanok is, akik mindig is ezt akart\u00e1k csin\u00e1lni. Mint p\u00e9ld\u00e1ul \u00e9n. \u00c9s ennek ellen\u00e9re m\u00e9g nekem is siker\u00fclt elbizonytalanodnom a korai \u00e9vekben azt illet\u0151en, hogy biztos j\u00f3l v\u00e1lasztottam-e, hiszen mindamellett, hogy ez egy nagyon sz\u00e9p \u00e9s hasznos szakma tud lenni, nem k\u00f6nny\u0171 feldolgozni azt az \u00f3ri\u00e1si felel\u0151ss\u00e9get, ami az ember v\u00e1ll\u00e1t nyomja.<\/p>\r\n<p style=\"text-align: justify\"><strong><span style=\"text-decoration: underline\">2) Felk\u00e9sz\u00fclts\u00e9g<\/span><\/strong><\/p>\r\n<p style=\"text-align: justify\">Az el\u0151z\u0151 ponthoz kapcsol\u00f3dik, hiszen mit sem \u00e9r az elhivatotts\u00e1g szakmai felk\u00e9sz\u00fcl\u00e9s n\u00e9lk\u00fcl, f\u0151leg a mi szakm\u00e1nkban \u00e9s orsz\u00e1gunkban, ahol a folyamatos t\u00f6rv\u00e9nym\u00f3dos\u00edt\u00e1s lassan a napi rutin k\u00e9pezi. Ami pedig ugye mag\u00e1val vonja a jogszab\u00e1lyok egyre sil\u00e1nyabb min\u0151s\u00e9g\u00e9t, akkora jogh\u00e9zagokkal, hogy m\u00e9g Gulliver is minden tov\u00e1bbi n\u00e9lk\u00fcl \u00e1tf\u00e9rne rajtuk.<\/p>\r\n<p style=\"text-align: justify\">Ezekben a v\u00e9szterhes id\u0151kben (\u00e9s egy\u00e9bk\u00e9nt sem) engedhetj\u00fck meg magunknak, hogy felk\u00e9sz\u00fcletlenek, s\u00fcketek vagy vakok legy\u00fcnk, hiszen nagy sz\u00fcks\u00e9g van hozz\u00e1\u00e9rt\u0151kre, akik meg tudnak oldani egy bonyolultabb \u00fcgyet, esetleg el\u0151r\u00e9bb tudnak seg\u00edteni olyanokat, akiknek sajnos nem adatott meg, hogy egy \u00fcgyv\u00e9d, jog\u00e1sz legyen a bar\u00e1tjuk, vagy csal\u00e1dtagjuk.<\/p>\r\n<p style=\"text-align: justify\"><strong><span style=\"text-decoration: underline\">3) Nyitotts\u00e1g<\/span><\/strong><\/p>\r\n<p style=\"text-align: justify\">No igen, ennek a pontnak a list\u00e1ban elfoglalt el\u0151kel\u0151 helye nyilv\u00e1n meglepet\u00e9s, \u00e9n m\u00e9gis azt gondolom, hogy a t\u00f6k\u00e9letes helyet v\u00e1lasztottam meg neki, ugyanis semmi sem bosszant\u00f3bb, mikor egy a j\u00f6v\u0151 megold\u00e1saira, gondolataira s\u00fcket koll\u00e9g\u00e1val hozza \u00f6ssze az \u00e9let az embert, olyannal, aki k\u00e9ptelen belet\u00f6r\u0151dni abba a nem elhanyagolhat\u00f3 t\u00e9nybe, hogy az id\u0151k bizony v\u00e1ltoznak, \u00e9s v\u00e1ltoznak vele a szab\u00e1lyok is.<\/p>\r\n<p style=\"text-align: justify\">Ez valamelyest habitus k\u00e9rd\u00e9se, de \u00fagy gondolom, hogy kell\u0151 odafigyel\u00e9ssel nyitott\u00e1 lehet v\u00e1lni, hiszen l\u00e1ssuk be, nem c\u00e9lszer\u0171 egy \u00faj \u00fcgyet r\u00e9gi szab\u00e1ly alapj\u00e1n elb\u00edr\u00e1lni. \u00c9s b\u00e1rmennyire nonszensznek hangzik is e kritika, \u00e9n m\u00e9gis bizton \u00e1ll\u00edthatom, hogy vannak ilyen emberek, j\u00f3magam is belefutottam m\u00e1r p\u00e1rba.<\/p>\r\n<p style=\"text-align: justify\"><span style=\"text-decoration: underline\"><strong>4) Al\u00e1zat \u00e9s tisztelet<\/strong><\/span><\/p>\r\n<p style=\"text-align: justify\">\u00c9s hogy mi ir\u00e1nt? Az \u00e9let, az \u00e9rt\u00e9k a munka \u00e9s a szakma ir\u00e1nt.<\/p>\r\n<p style=\"text-align: justify\">Egy\u00e9rtelm\u0171 ugye? Nos, nekem \u00e9s bizonyos embereknek val\u00f3ban az, de ismerek olyan koll\u00e9g\u00e1t, aki minden tov\u00e1bbi n\u00e9lk\u00fcl meg\u00e1ll\u00edtan\u00e1 a vil\u00e1g foly\u00e1s\u00e1t, csak mert \u0151 a F\u00f6ld\u00f6n van. \u0150ket \u00e9n egyszer\u0171en csak ignor\u00e1lom, mert t\u00e1vol \u00e1lljon t\u0151lem, hogy b\u00e1tor\u00edtsam az eff\u00e9le, meglehet\u0151sen primit\u00edv hozz\u00e1\u00e1ll\u00e1st.<\/p>\r\n<p style=\"text-align: justify\">\u00c9n ezekkel az emberekkel ellent\u00e9tben \u00fagy gondolom, hogy nem az emberek vannak mi\u00e9rt\u00fcnk, hanem mi az emberek\u00e9rt. Nek\u00fcnk kell seg\u00edteni, hogy minden, amit nagyjaink jogszab\u00e1lyba foglaltak, \u00fagy val\u00f3suljon meg, ahogy az a legt\u00f6k\u00e9letesebben beleillik a rendszerbe. Tiszteln\u00fcnk kell mindek\u00f6zben m\u00e1sok \u00e9let\u00e9t, hiszen ak\u00e1rcsak az orvosok, mi is \u00e9letekkel oper\u00e1lunk, olyan d\u00f6nt\u00e9sek vannak a kez\u00fcnkben, amelyek emberi sorsokat v\u00e1ltoztathatnak meg, \u00edgy \u00fagy gondolom, hogy a legkevesebb, amit megtehet\u00fcnk, hogy megvizsg\u00e1ljuk \u00f6nmagunkat, a sz\u00e1nd\u00e9kainkat \u00e9s a tud\u00e1sunkat. \u00c9s ha kell, nem csak megvizsg\u00e1ljuk, de fel\u00fcl is b\u00edr\u00e1ljuk \u0151ket.<\/p>\r\n<p style=\"text-align: justify\"><strong><span style=\"text-decoration: underline\">5) J\u00f3 logikai k\u00e9pess\u00e9gek<\/span><\/strong><\/p>\r\n<p style=\"text-align: justify\">Sokszor hallottam m\u00e1r, hogy k\u00f6nny\u0171 a jog\u00e1szoknak, mert csak be kell nyalni egy csom\u00f3 anyagot, \u00e9s dombon a tanya. \u00c9n ilyenkor szeretem megk\u00e9rdezni, hogy \u00e9s szerinted m\u00e9gis hogyan m\u0171k\u00f6dik a jog? Persze \u00e9rkeznek a v\u00e1laszok, amelyek a legkev\u00e9sb\u00e9 sem fedik a val\u00f3s\u00e1got, amiken j\u00f3kat szoktam der\u00fclni, majd felvil\u00e1gos\u00edtom az illet\u0151t, hogy a dolgok menete bizony eg\u00e9szen m\u00e1s, \u00e9s ilyenkor m\u00e1r bel\u00e1tj\u00e1k, hogy bizony, m\u00e9gsem olyan egyszer\u0171 ez az eg\u00e9sz.<\/p>\r\n<p style=\"text-align: justify\">A jog maga egy\u00e9bk\u00e9nt szerintem egy v\u00e9gtelen\u00edtett sakkj\u00e1tszma. Tal\u00e1n ez\u00e9rt, tal\u00e1n nem, nem tudom, de nemr\u00e9g j\u00f3magam is elkezdtem sakkozni. \u00c9s b\u00e1r a tehets\u00e9gem a j\u00e1t\u00e9k tekintet\u00e9ben megk\u00e9rd\u0151jelezhet\u0151, m\u00e9gis sok dolgot lehet bel\u0151le tanulni, az el\u0151re gondolkod\u00e1s k\u00e9pess\u00e9g\u00e9r\u0151l pedig ne is besz\u00e9lj\u00fcnk.<\/p>\r\n<p style=\"text-align: justify\"><strong><span style=\"text-decoration: underline\">6) Ne f\u00e9lj\u00fcnk a konfliktust\u00f3l<\/span><\/strong><\/p>\r\n<p style=\"text-align: justify\">Sok olyan koll\u00e9g\u00e1t ismerek, akiknek a r\u00e9m\u00e1lmai t\u00e1rgy\u00e1t k\u00e9pezi, ha valamilyen jogi k\u00e9rd\u00e9sben vit\u00e1ba kell bonyol\u00f3dni, ink\u00e1bb hallgatnak, pedig lehet, hogy a j\u00f3 megold\u00e1s a birtokukban van.<\/p>\r\n<p style=\"text-align: justify\">\u00c9n szem\u00e9ly szerint sz\u00edvesen keveredem j\u00f3indulat\u00fa vit\u00e1ba, mert \u00fagy gondolom csak ez, a vita, az egy\u00fctt gondolkod\u00e1s, \u00e9s a kor\u00e1bban fenn\u00e1ll\u00f3 dolgok folyamatos kritik\u00e1val illet\u00e9se vihet el\u0151re minket. Ha nem \u00edgy lenne, akkor m\u00e9g mindig v\u00e1rhatn\u00e1nk a kir\u00e1ly kegy\u00e9re.<\/p>\r\n<p style=\"text-align: justify\"><strong><span style=\"text-decoration: underline\">7) Csapatmunka<\/span><\/strong><\/p>\r\n<p style=\"text-align: justify\">Teljesen nyilv\u00e1nval\u00f3, hogy mindenki a maga szerencs\u00e9j\u00e9nek a kov\u00e1csa, \u00e9s mindenki a saj\u00e1t karrierj\u00e9t szeretn\u00e9 \u00e9p\u00edteni. De b\u00e1rmennyire is erre t\u00f6rekszik az ember, mindig \u00e9szben kell tartani, hogy ez nem egy egyszerepl\u0151s darab a sz\u00ednh\u00e1zban, hanem egy j\u00f3l megkompon\u00e1lt szimf\u00f3nia, amelyben mindenkinek megvan a maga szerepe, hogy \u00fagy mondjam hangszere, \u00e9s ha valaki ki\u00e1ll a sorb\u00f3l puszt\u00e1n az\u00e9rt, hogy mag\u00e1nak h\u00edrnevet szerezzen, elrontja az eg\u00e9sz darabot. \u00cdgy nagyon fontos, hogy mindenki a saj\u00e1t dolg\u00e1t v\u00e9gezze \u00fagy, hogy mindek\u00f6zben egy\u00fcttm\u0171k\u00f6dik\u00a0 a darab tov\u00e1bbi zen\u00e9szeivel.<\/p>\r\n<p style=\"text-align: justify\">Ennyi lett volna, amelyet ezekr\u0151l a dolgokr\u00f3l gondolok. Ha esetleg valakinek hozz\u00e1f\u0171znival\u00f3ja van, azt nagyon sz\u00edvesen veszem, hiszen mindamellett, hogy megfogalmaztam ezeket az \u00e9szrev\u00e9teleket, tartom is magam hozz\u00e1juk, \u00edgy adva teret magamnak a tov\u00e1bbi fejl\u0151d\u00e9sre.<\/p>\r\n<p style=\"text-align: justify\">A k\u00f6vetkez\u0151 bejegyz\u00e9seimben egy sz\u00e1momra kedves t\u00e9m\u00e1t fogok feldolgozni, nevezetesen a devol\u00faci\u00f3t, melynek keretein bel\u00fcl megvizsg\u00e1lom a kelta kisebbs\u00e9gek helyzet\u00e9t az Egyes\u00fclt Kir\u00e1lys\u00e1gban.<\/p>\r\n<p style=\"text-align: justify\"><\/p>","type":"rich"}